{"id":15,"date":"2022-06-22T17:19:14","date_gmt":"2022-06-22T15:19:14","guid":{"rendered":"http:\/\/lafabriquedagathe.fr\/?page_id=15"},"modified":"2023-05-30T11:01:30","modified_gmt":"2023-05-30T09:01:30","slug":"a-propos","status":"publish","type":"page","link":"https:\/\/lafabriquedagathe.fr\/index.php\/a-propos\/","title":{"rendered":"A propos"},"content":{"rendered":"\n<h2 class=\"wp-block-heading\">La Fabrique d&rsquo;Agathe: une mode \u00e9thique pour petits et grands. <\/h2>\n\n\n\n<div style=\"height:100px\" aria-hidden=\"true\" class=\"wp-block-spacer\"><\/div>\n\n\n\n<div class=\"wp-block-media-text alignwide is-stacked-on-mobile\"><figure class=\"wp-block-media-text__media\"><img fetchpriority=\"high\" decoding=\"async\" width=\"300\" height=\"450\" src=\"https:\/\/lafabriquedagathe.fr\/wp-content\/uploads\/2022\/06\/AGATHE.jpg\" alt=\"\" class=\"wp-image-104 size-full\" srcset=\"https:\/\/lafabriquedagathe.fr\/wp-content\/uploads\/2022\/06\/AGATHE.jpg 300w, https:\/\/lafabriquedagathe.fr\/wp-content\/uploads\/2022\/06\/AGATHE-200x300.jpg 200w, https:\/\/lafabriquedagathe.fr\/wp-content\/uploads\/2022\/06\/AGATHE-100x150.jpg 100w\" sizes=\"(max-width: 300px) 100vw, 300px\" \/><\/figure><div class=\"wp-block-media-text__content\">\n<p class=\"has-text-align-center\">Bienvenue dans mon atelier de couture.<\/p>\n\n\n\n<p class=\"has-text-align-center\">Je suis Agathe, cr\u00e9atrice et fondatrice de La Fabrique d&rsquo;Agathe que j&rsquo;ai cr\u00e9\u00e9 en septembre 2019.<\/p>\n\n\n\n<p class=\"has-text-align-center\">Couturi\u00e8re autodidacte, j\u2019ai d\u00e9but\u00e9 la couture lors de ma grossesse. Quelques mois plus tard, me voici en train de coudre les premiers v\u00eatements de mon fils.<\/p>\n\n\n\n<p class=\"has-text-align-center\">Apr\u00e8s 2 ans de perfectionnement et d\u2019entra\u00eenement, La Fabrique d\u2019Agathe est lanc\u00e9e!<\/p>\n\n\n\n<p class=\"has-text-align-center\">Je pense, dessine et couds des v\u00eatements \u00e9volutifs color\u00e9s et originaux pour les enfants de 0 \u00e0 6 ans. (<strong>V\u00eatement compatible Couches Lavables, motricit\u00e9 libre)<\/strong>.<\/p>\n\n\n\n<p class=\"has-text-align-center\">Chaque cr\u00e9ation est cousu par mes soins. Ce qui en fait des v\u00eatements uniques r\u00e9alis\u00e9s sur commande, sp\u00e9cialement pour votre enfant.<\/p>\n\n\n\n<p class=\"has-text-align-center\">Les cr\u00e9ations que je propose sont amples, confortables et agr\u00e9ables \u00e0 porter, afin de permettre \u00e0 vos enfants de bouger en toute libert\u00e9 et d&rsquo;explorer le monde qui les entoure.<\/p>\n\n\n\n<p class=\"has-text-align-center\">Depuis septembre 2022, je r\u00e9alise \u00e9galement des v\u00eatements pour femmes.<\/p>\n\n\n\n<p class=\"has-text-align-center\">Mon atelier est situ\u00e9 \u00e0<strong> Champfomier <\/strong>(01), un petit village au c\u0153ur du parc naturel du Haut Jura.<\/p>\n<\/div><\/div>\n\n\n\n<div style=\"height:100px\" aria-hidden=\"true\" class=\"wp-block-spacer\"><\/div>\n\n\n\n<h2 class=\"wp-block-heading\">Quels sont les valeurs que vous trouverez dans mes cr\u00e9ations? <\/h2>\n\n\n\n<div style=\"height:120px\" aria-hidden=\"true\" class=\"wp-block-spacer\"><\/div>\n\n\n\n<div class=\"wp-block-media-text alignwide has-media-on-the-right is-stacked-on-mobile\"><div class=\"wp-block-media-text__content\">\n<p>-Durabilit\u00e9: les v\u00eatements que je con\u00e7oit sont \u00e9volutifs, ils grandissent avec vos enfants. Ce qui en fait des v\u00eatements durables puisque vos enfants pourront les porter longtemps. <\/p>\n\n\n\n<p>-Confort: j&rsquo;ai \u00e0 c\u0153ur de proposer des v\u00eatements confortables qui offre \u00e0 vos enfants une libert\u00e9 de mouvement. Les mod\u00e8les enfants sont compatibles avec les couches lavables et la motricit\u00e9 libre. Un confort qui permet \u00e0 votre enfant de d\u00e9couvrir et explorer le monde.<\/p>\n\n\n\n<p>-\u00c9thique et responsable: tous les tissus que j&rsquo;utilise pour les cr\u00e9ations sont en coton biologique. Cultiv\u00e9 sans engrais chimique ni pesticides, il est doux pour la peau, respect la sant\u00e9 de celui qui le porte et respect l&rsquo;environnement.<\/p>\n\n\n\n<p>-Originalit\u00e9: la majorit\u00e9 des motifs que vous trouverez dans l&rsquo;espace boutique sont des motifs exclusifs \u00e0 La Fabrique d&rsquo;Agathe. Dessin\u00e9s par des illustratrices de talents, il habillent vos enfants avec confort et originalit\u00e9. <\/p>\n\n\n\n<p>En choisissant les cr\u00e9ations que je couds avec passion, vous faites le choix d&rsquo;une mode durable et respectueuse de l&rsquo;environnement et vous encourager le travail artisanal local. <\/p>\n<\/div><figure class=\"wp-block-media-text__media\"><img decoding=\"async\" width=\"350\" height=\"525\" src=\"https:\/\/lafabriquedagathe.fr\/wp-content\/uploads\/2023\/05\/TISSUBIOLAMASAROUEL.jpg\" alt=\"\" class=\"wp-image-1913 size-full\" srcset=\"https:\/\/lafabriquedagathe.fr\/wp-content\/uploads\/2023\/05\/TISSUBIOLAMASAROUEL.jpg 350w, https:\/\/lafabriquedagathe.fr\/wp-content\/uploads\/2023\/05\/TISSUBIOLAMASAROUEL-200x300.jpg 200w, https:\/\/lafabriquedagathe.fr\/wp-content\/uploads\/2023\/05\/TISSUBIOLAMASAROUEL-100x150.jpg 100w\" sizes=\"(max-width: 350px) 100vw, 350px\" \/><\/figure><\/div>\n\n\n\n<div style=\"height:100px\" aria-hidden=\"true\" class=\"wp-block-spacer\"><\/div>\n\n\n\n<iframe title=\"La Fabrique d&#039;Agathe - Cr\u00e9ation de v\u00eatements pour enfants - Artisanat - Champfromier- Ain\" width=\"900\" height=\"506\" src=\"https:\/\/www.youtube.com\/embed\/Gzfalh2MNC4?feature=oembed\" frameborder=\"0\" allow=\"accelerometer; autoplay; clipboard-write; encrypted-media; gyroscope; picture-in-picture; web-share\" allowfullscreen><\/iframe>\n","protected":false},"excerpt":{"rendered":"<p>La Fabrique d&rsquo;Agathe: une mode \u00e9thique pour petits et grands. Bienvenue dans mon atelier de couture. Je suis Agathe, cr\u00e9atrice et fondatrice de La Fabrique d&rsquo;Agathe que j&rsquo;ai cr\u00e9\u00e9 en septembre 2019. Couturi\u00e8re autodidacte, j\u2019ai d\u00e9but\u00e9 la couture lors de ma grossesse. Quelques mois plus tard, me voici en train&#8230;<\/p>\n<p> <a class=\"continue-reading-link\" href=\"https:\/\/lafabriquedagathe.fr\/index.php\/a-propos\/\"><span>Continue reading<\/span><i class=\"crycon-right-dir\"><\/i><\/a> <\/p>\n","protected":false},"author":1,"featured_media":0,"parent":0,"menu_order":0,"comment_status":"closed","ping_status":"closed","template":"","meta":{"footnotes":""},"class_list":["post-15","page","type-page","status-publish","hentry"],"yoast_head":"<!-- This site is optimized with the Yoast SEO plugin v27.1.1 - https:\/\/yoast.com\/product\/yoast-seo-wordpress\/ -->\n<title>La Fabrique d&#039;Agathe V\u00eatements Enfants et Femmes. Mon Histoire<\/title>\n<meta name=\"description\" content=\"Bienvenue, dans mon atelier. Vous y trouverez des v\u00eatements \u00e9voluitfs originaux et confortables pour enfants et pour femmes.\" \/>\n<meta name=\"robots\" content=\"index, follow, max-snippet:-1, max-image-preview:large, max-video-preview:-1\" \/>\n<link rel=\"canonical\" href=\"https:\/\/lafabriquedagathe.fr\/index.php\/a-propos\/\" \/>\n<meta property=\"og:locale\" content=\"fr_FR\" \/>\n<meta property=\"og:type\" content=\"article\" \/>\n<meta property=\"og:title\" content=\"La Fabrique d&#039;Agathe V\u00eatements Enfants et Femmes. Mon Histoire\" \/>\n<meta property=\"og:description\" content=\"Bienvenue, dans mon atelier. Vous y trouverez des v\u00eatements \u00e9voluitfs originaux et confortables pour enfants et pour femmes.\" \/>\n<meta property=\"og:url\" content=\"https:\/\/lafabriquedagathe.fr\/index.php\/a-propos\/\" \/>\n<meta property=\"og:site_name\" content=\"Sarouels et v\u00eatements \u00e9volutifs pour enfant en coton bio!\" \/>\n<meta property=\"article:publisher\" content=\"https:\/\/www.facebook.com\/lafabriquedagathe\" \/>\n<meta property=\"article:modified_time\" content=\"2023-05-30T09:01:30+00:00\" \/>\n<meta property=\"og:image\" content=\"https:\/\/lafabriquedagathe.fr\/wp-content\/uploads\/2022\/06\/AGATHE.jpg\" \/>\n<meta name=\"twitter:card\" content=\"summary_large_image\" \/>\n<meta name=\"twitter:label1\" content=\"Dur\u00e9e de lecture estim\u00e9e\" \/>\n\t<meta name=\"twitter:data1\" content=\"3 minutes\" \/>\n<script type=\"application\/ld+json\" class=\"yoast-schema-graph\">{\"@context\":\"https:\/\/schema.org\",\"@graph\":[{\"@type\":\"WebPage\",\"@id\":\"https:\/\/lafabriquedagathe.fr\/index.php\/a-propos\/\",\"url\":\"https:\/\/lafabriquedagathe.fr\/index.php\/a-propos\/\",\"name\":\"La Fabrique d'Agathe V\u00eatements Enfants et Femmes. Mon Histoire\",\"isPartOf\":{\"@id\":\"https:\/\/lafabriquedagathe.fr\/#website\"},\"primaryImageOfPage\":{\"@id\":\"https:\/\/lafabriquedagathe.fr\/index.php\/a-propos\/#primaryimage\"},\"image\":{\"@id\":\"https:\/\/lafabriquedagathe.fr\/index.php\/a-propos\/#primaryimage\"},\"thumbnailUrl\":\"https:\/\/lafabriquedagathe.fr\/wp-content\/uploads\/2022\/06\/AGATHE.jpg\",\"datePublished\":\"2022-06-22T15:19:14+00:00\",\"dateModified\":\"2023-05-30T09:01:30+00:00\",\"description\":\"Bienvenue, dans mon atelier. Vous y trouverez des v\u00eatements \u00e9voluitfs originaux et confortables pour enfants et pour femmes.\",\"breadcrumb\":{\"@id\":\"https:\/\/lafabriquedagathe.fr\/index.php\/a-propos\/#breadcrumb\"},\"inLanguage\":\"fr-FR\",\"potentialAction\":[{\"@type\":\"ReadAction\",\"target\":[\"https:\/\/lafabriquedagathe.fr\/index.php\/a-propos\/\"]}]},{\"@type\":\"ImageObject\",\"inLanguage\":\"fr-FR\",\"@id\":\"https:\/\/lafabriquedagathe.fr\/index.php\/a-propos\/#primaryimage\",\"url\":\"https:\/\/lafabriquedagathe.fr\/wp-content\/uploads\/2022\/06\/AGATHE.jpg\",\"contentUrl\":\"https:\/\/lafabriquedagathe.fr\/wp-content\/uploads\/2022\/06\/AGATHE.jpg\",\"width\":300,\"height\":450,\"caption\":\"Cr\u00e9atrice de v\u00eatement pour b\u00e9b\u00e9, enfant et adulte. Cousu en France.\"},{\"@type\":\"BreadcrumbList\",\"@id\":\"https:\/\/lafabriquedagathe.fr\/index.php\/a-propos\/#breadcrumb\",\"itemListElement\":[{\"@type\":\"ListItem\",\"position\":1,\"name\":\"Accueil\",\"item\":\"https:\/\/lafabriquedagathe.fr\/\"},{\"@type\":\"ListItem\",\"position\":2,\"name\":\"A propos\"}]},{\"@type\":\"WebSite\",\"@id\":\"https:\/\/lafabriquedagathe.fr\/#website\",\"url\":\"https:\/\/lafabriquedagathe.fr\/\",\"name\":\"Sarouels et v\u00eatements \u00e9volutifs pour enfant en coton bio!\",\"description\":\"Pour grandir, jouer et durer.\",\"publisher\":{\"@id\":\"https:\/\/lafabriquedagathe.fr\/#organization\"},\"potentialAction\":[{\"@type\":\"SearchAction\",\"target\":{\"@type\":\"EntryPoint\",\"urlTemplate\":\"https:\/\/lafabriquedagathe.fr\/?s={search_term_string}\"},\"query-input\":{\"@type\":\"PropertyValueSpecification\",\"valueRequired\":true,\"valueName\":\"search_term_string\"}}],\"inLanguage\":\"fr-FR\"},{\"@type\":\"Organization\",\"@id\":\"https:\/\/lafabriquedagathe.fr\/#organization\",\"name\":\"La fabrique d'Agathe\",\"url\":\"https:\/\/lafabriquedagathe.fr\/\",\"logo\":{\"@type\":\"ImageObject\",\"inLanguage\":\"fr-FR\",\"@id\":\"https:\/\/lafabriquedagathe.fr\/#\/schema\/logo\/image\/\",\"url\":\"https:\/\/lafabriquedagathe.fr\/wp-content\/uploads\/2022\/06\/LOGO1ERE-2.jpg\",\"contentUrl\":\"https:\/\/lafabriquedagathe.fr\/wp-content\/uploads\/2022\/06\/LOGO1ERE-2.jpg\",\"width\":350,\"height\":175,\"caption\":\"La fabrique d'Agathe\"},\"image\":{\"@id\":\"https:\/\/lafabriquedagathe.fr\/#\/schema\/logo\/image\/\"},\"sameAs\":[\"https:\/\/www.facebook.com\/lafabriquedagathe\",\"https:\/\/www.instagram.com\/lafabriquedagathe\/\"]}]}<\/script>\n<!-- \/ Yoast SEO plugin. -->","yoast_head_json":{"title":"La Fabrique d'Agathe V\u00eatements Enfants et Femmes. Mon Histoire","description":"Bienvenue, dans mon atelier. Vous y trouverez des v\u00eatements \u00e9voluitfs originaux et confortables pour enfants et pour femmes.","robots":{"index":"index","follow":"follow","max-snippet":"max-snippet:-1","max-image-preview":"max-image-preview:large","max-video-preview":"max-video-preview:-1"},"canonical":"https:\/\/lafabriquedagathe.fr\/index.php\/a-propos\/","og_locale":"fr_FR","og_type":"article","og_title":"La Fabrique d'Agathe V\u00eatements Enfants et Femmes. Mon Histoire","og_description":"Bienvenue, dans mon atelier. Vous y trouverez des v\u00eatements \u00e9voluitfs originaux et confortables pour enfants et pour femmes.","og_url":"https:\/\/lafabriquedagathe.fr\/index.php\/a-propos\/","og_site_name":"Sarouels et v\u00eatements \u00e9volutifs pour enfant en coton bio!","article_publisher":"https:\/\/www.facebook.com\/lafabriquedagathe","article_modified_time":"2023-05-30T09:01:30+00:00","og_image":[{"url":"https:\/\/lafabriquedagathe.fr\/wp-content\/uploads\/2022\/06\/AGATHE.jpg","type":"","width":"","height":""}],"twitter_card":"summary_large_image","twitter_misc":{"Dur\u00e9e de lecture estim\u00e9e":"3 minutes"},"schema":{"@context":"https:\/\/schema.org","@graph":[{"@type":"WebPage","@id":"https:\/\/lafabriquedagathe.fr\/index.php\/a-propos\/","url":"https:\/\/lafabriquedagathe.fr\/index.php\/a-propos\/","name":"La Fabrique d'Agathe V\u00eatements Enfants et Femmes. Mon Histoire","isPartOf":{"@id":"https:\/\/lafabriquedagathe.fr\/#website"},"primaryImageOfPage":{"@id":"https:\/\/lafabriquedagathe.fr\/index.php\/a-propos\/#primaryimage"},"image":{"@id":"https:\/\/lafabriquedagathe.fr\/index.php\/a-propos\/#primaryimage"},"thumbnailUrl":"https:\/\/lafabriquedagathe.fr\/wp-content\/uploads\/2022\/06\/AGATHE.jpg","datePublished":"2022-06-22T15:19:14+00:00","dateModified":"2023-05-30T09:01:30+00:00","description":"Bienvenue, dans mon atelier. Vous y trouverez des v\u00eatements \u00e9voluitfs originaux et confortables pour enfants et pour femmes.","breadcrumb":{"@id":"https:\/\/lafabriquedagathe.fr\/index.php\/a-propos\/#breadcrumb"},"inLanguage":"fr-FR","potentialAction":[{"@type":"ReadAction","target":["https:\/\/lafabriquedagathe.fr\/index.php\/a-propos\/"]}]},{"@type":"ImageObject","inLanguage":"fr-FR","@id":"https:\/\/lafabriquedagathe.fr\/index.php\/a-propos\/#primaryimage","url":"https:\/\/lafabriquedagathe.fr\/wp-content\/uploads\/2022\/06\/AGATHE.jpg","contentUrl":"https:\/\/lafabriquedagathe.fr\/wp-content\/uploads\/2022\/06\/AGATHE.jpg","width":300,"height":450,"caption":"Cr\u00e9atrice de v\u00eatement pour b\u00e9b\u00e9, enfant et adulte. Cousu en France."},{"@type":"BreadcrumbList","@id":"https:\/\/lafabriquedagathe.fr\/index.php\/a-propos\/#breadcrumb","itemListElement":[{"@type":"ListItem","position":1,"name":"Accueil","item":"https:\/\/lafabriquedagathe.fr\/"},{"@type":"ListItem","position":2,"name":"A propos"}]},{"@type":"WebSite","@id":"https:\/\/lafabriquedagathe.fr\/#website","url":"https:\/\/lafabriquedagathe.fr\/","name":"Sarouels et v\u00eatements \u00e9volutifs pour enfant en coton bio!","description":"Pour grandir, jouer et durer.","publisher":{"@id":"https:\/\/lafabriquedagathe.fr\/#organization"},"potentialAction":[{"@type":"SearchAction","target":{"@type":"EntryPoint","urlTemplate":"https:\/\/lafabriquedagathe.fr\/?s={search_term_string}"},"query-input":{"@type":"PropertyValueSpecification","valueRequired":true,"valueName":"search_term_string"}}],"inLanguage":"fr-FR"},{"@type":"Organization","@id":"https:\/\/lafabriquedagathe.fr\/#organization","name":"La fabrique d'Agathe","url":"https:\/\/lafabriquedagathe.fr\/","logo":{"@type":"ImageObject","inLanguage":"fr-FR","@id":"https:\/\/lafabriquedagathe.fr\/#\/schema\/logo\/image\/","url":"https:\/\/lafabriquedagathe.fr\/wp-content\/uploads\/2022\/06\/LOGO1ERE-2.jpg","contentUrl":"https:\/\/lafabriquedagathe.fr\/wp-content\/uploads\/2022\/06\/LOGO1ERE-2.jpg","width":350,"height":175,"caption":"La fabrique d'Agathe"},"image":{"@id":"https:\/\/lafabriquedagathe.fr\/#\/schema\/logo\/image\/"},"sameAs":["https:\/\/www.facebook.com\/lafabriquedagathe","https:\/\/www.instagram.com\/lafabriquedagathe\/"]}]}},"_links":{"self":[{"href":"https:\/\/lafabriquedagathe.fr\/index.php\/wp-json\/wp\/v2\/pages\/15","targetHints":{"allow":["GET"]}}],"collection":[{"href":"https:\/\/lafabriquedagathe.fr\/index.php\/wp-json\/wp\/v2\/pages"}],"about":[{"href":"https:\/\/lafabriquedagathe.fr\/index.php\/wp-json\/wp\/v2\/types\/page"}],"author":[{"embeddable":true,"href":"https:\/\/lafabriquedagathe.fr\/index.php\/wp-json\/wp\/v2\/users\/1"}],"replies":[{"embeddable":true,"href":"https:\/\/lafabriquedagathe.fr\/index.php\/wp-json\/wp\/v2\/comments?post=15"}],"version-history":[{"count":11,"href":"https:\/\/lafabriquedagathe.fr\/index.php\/wp-json\/wp\/v2\/pages\/15\/revisions"}],"predecessor-version":[{"id":1919,"href":"https:\/\/lafabriquedagathe.fr\/index.php\/wp-json\/wp\/v2\/pages\/15\/revisions\/1919"}],"wp:attachment":[{"href":"https:\/\/lafabriquedagathe.fr\/index.php\/wp-json\/wp\/v2\/media?parent=15"}],"curies":[{"name":"wp","href":"https:\/\/api.w.org\/{rel}","templated":true}]}}